{"id":352,"date":"2022-03-15T08:53:14","date_gmt":"2022-03-15T13:53:14","guid":{"rendered":"https:\/\/www.thenatureforce.com\/?page_id=352"},"modified":"2025-04-24T13:27:42","modified_gmt":"2025-04-24T18:27:42","slug":"projects","status":"publish","type":"page","link":"https:\/\/www.thenatureforce.com\/fr\/projects\/","title":{"rendered":"Projets"},"content":{"rendered":"<div class=\"wp-block-group alignwide has-global-padding is-layout-constrained wp-container-core-group-is-layout-c2408da9 wp-block-group-is-layout-constrained\" style=\"margin-top:var(--wp--preset--spacing--superbspacing-medium);margin-bottom:var(--wp--preset--spacing--superbspacing-medium)\">\n<h2 class=\"wp-block-heading has-superbfont-xsmall-font-size\">Projets<\/h2>\n\n\n\n<p class=\"has-text-align-left has-primary-color has-text-color has-superbfont-large-font-size\">On a commenc\u00e9 \u00e0 prioriser les projets de la Force de la nature d\u2019apr\u00e8s l\u2019importance des risques pour la collectivit\u00e9 et selon la viabilit\u00e9 des travaux consacr\u00e9s \u00e0 la r\u00e9silience au changement climatique et \u00e0 l\u2019ensemble des bienfaits \u00e9cologiques en Colombie-Britannique, en Ontario et au Qu\u00e9bec.<\/p>\n\n\n\n<p class=\"has-superbfont-small-font-size\" style=\"margin-right:0;padding-right:var(--wp--preset--spacing--superbspacing-xxsmall);padding-left:var(--wp--preset--spacing--superbspacing-xxsmall)\">Les op\u00e9rations et les relations existantes de notre partenaire conservationniste dans ces r\u00e9gions viendront acc\u00e9l\u00e9rer ce processus.<\/p>\n\n\n\n<h2 class=\"wp-block-heading has-superbfont-large-font-size\">Priorit\u00e9s de la phase 1<\/h2>\n\n\n\n<p class=\"has-superbfont-small-font-size\">On planifie des projets dans les zones p\u00e9riurbaines et dans les bassins versants en amont dans la r\u00e9gion du delta du&nbsp;<a href=\"https:\/\/www.ducks.ca\/our-work\/fraser-river-estuary\/\">delta du Fraser<\/a>&nbsp;en Colombie-Britannique, ainsi que dans le Sud de l\u2019Ontario et dans le Sud du Qu\u00e9bec, en donnant la priorit\u00e9 \u00e0 la ma\u00eetrise des risques d\u2019inondations dans les collectivit\u00e9s les plus peupl\u00e9es.<\/p>\n\n\n\n<p class=\"has-superbfont-small-font-size\">Des r\u00e9unions de planification sont organis\u00e9es pour obtenir le soutien des communaut\u00e9s et des municipalit\u00e9s et former des&nbsp;<a href=\"https:\/\/www.thenatureforce.com\/fr\/partners\/\">partenariats<\/a>&nbsp;afin d'acc\u00e9l\u00e9rer la mise en \u0153uvre des projets d'infrastructures naturelles dans les trois r\u00e9gions cibl\u00e9es.<\/p>\n\n\n\n<figure class=\"wp-block-image aligncenter size-full\"><img loading=\"lazy\" decoding=\"async\" width=\"743\" height=\"615\" src=\"https:\/\/www.thenatureforce.com\/assets\/2022\/03\/nature-force-map.png\" alt=\"\" class=\"wp-image-484\" srcset=\"https:\/\/www.thenatureforce.com\/assets\/2022\/03\/nature-force-map.png 743w, https:\/\/www.thenatureforce.com\/assets\/2022\/03\/nature-force-map-300x248.png 300w, https:\/\/www.thenatureforce.com\/assets\/2022\/03\/nature-force-map-14x12.png 14w, https:\/\/www.thenatureforce.com\/assets\/2022\/03\/nature-force-map-600x497.png 600w\" sizes=\"auto, (max-width: 743px) 100vw, 743px\" \/><\/figure>\n<\/div>\n\n\n\n<div class=\"wp-block-group alignfull has-global-padding is-layout-constrained wp-container-core-group-is-layout-c3433f61 wp-block-group-is-layout-constrained\" style=\"margin-top:0;margin-bottom:0;padding-top:var(--wp--preset--spacing--superbspacing-xxlarge);padding-right:var(--wp--preset--spacing--superbspacing-small);padding-bottom:var(--wp--preset--spacing--superbspacing-xxlarge);padding-left:var(--wp--preset--spacing--superbspacing-small)\">\n<div class=\"wp-block-columns alignwide is-layout-flex wp-container-core-columns-is-layout-25593187 wp-block-columns-is-layout-flex\">\n<div class=\"wp-block-column is-vertically-aligned-top is-layout-flow wp-container-core-column-is-layout-40a2a7e8 wp-block-column-is-layout-flow\" style=\"padding-right:0;padding-bottom:0;padding-left:0\">\n<figure class=\"wp-block-image size-large has-custom-border\"><img loading=\"lazy\" decoding=\"async\" width=\"1024\" height=\"576\" src=\"https:\/\/www.thenatureforce.com\/assets\/2024\/02\/SturgeonBank-1024x576.jpg\" alt=\"Photo of Sturgeon Bank\" class=\"wp-image-640\" style=\"border-radius:8px\" srcset=\"https:\/\/www.thenatureforce.com\/assets\/2024\/02\/SturgeonBank-1024x576.jpg 1024w, https:\/\/www.thenatureforce.com\/assets\/2024\/02\/SturgeonBank-300x169.jpg 300w, https:\/\/www.thenatureforce.com\/assets\/2024\/02\/SturgeonBank-768x432.jpg 768w, https:\/\/www.thenatureforce.com\/assets\/2024\/02\/SturgeonBank-1536x864.jpg 1536w, https:\/\/www.thenatureforce.com\/assets\/2024\/02\/SturgeonBank-18x10.jpg 18w, https:\/\/www.thenatureforce.com\/assets\/2024\/02\/SturgeonBank-1200x675.jpg 1200w, https:\/\/www.thenatureforce.com\/assets\/2024\/02\/SturgeonBank-1500x844.jpg 1500w, https:\/\/www.thenatureforce.com\/assets\/2024\/02\/SturgeonBank-600x338.jpg 600w, https:\/\/www.thenatureforce.com\/assets\/2024\/02\/SturgeonBank.jpg 1920w\" sizes=\"auto, (max-width: 1024px) 100vw, 1024px\" \/><figcaption class=\"wp-element-caption\">Cr\u00e9dit photo : Nathan Vadeboncoeur, f\u00e9vrier 2023<\/figcaption><\/figure>\n<\/div>\n\n\n\n<div class=\"wp-block-column is-vertically-aligned-top is-layout-flow wp-container-core-column-is-layout-a1628350 wp-block-column-is-layout-flow\" style=\"padding-top:0;padding-right:0;padding-bottom:0;padding-left:0\">\n<div class=\"wp-block-group is-layout-flow wp-container-core-group-is-layout-5335e42d wp-block-group-is-layout-flow\" style=\"padding-top:0;padding-right:0;padding-bottom:0;padding-left:0\">\n<h2 class=\"wp-block-heading has-text-align-left has-superbfont-xlarge-font-size\">Projet pilote de mise en valeur des s\u00e9diments du banc de l'esturgeon<\/h2>\n\n\n\n<p class=\"has-text-align-left has-secondary-color has-text-color has-superbfont-small-font-size\">Dirig\u00e9 par Canards Illimit\u00e9s Canada, ce projet pilote vise \u00e0 restaurer l'habitat des marais tidaux et \u00e0 am\u00e9liorer la r\u00e9silience des marais face \u00e0 l'\u00e9l\u00e9vation du niveau de la mer. Depuis 1986, au moins 160 hectares du marais du Sturgeon Bank sont morts et ont \u00e9t\u00e9 transform\u00e9s en vasi\u00e8res. Cela repr\u00e9sente au moins 30 % des 543 hectares de marais du banc de l'esturgeon recens\u00e9s en 1986 et qui ont aujourd'hui disparu.<\/p>\n<\/div>\n\n\n\n<div class=\"wp-block-buttons is-layout-flex wp-container-core-buttons-is-layout-69f3c5ca wp-block-buttons-is-layout-flex\">\n<div class=\"wp-block-button\"><a class=\"wp-block-button__link has-brand-orange-background-color has-background has-superbfont-small-font-size has-custom-font-size wp-element-button\" href=\"https:\/\/www.thenatureforce.com\/fr\/projects\/sturgeon-bank-sediment-enhancement-pilot-project\/\" style=\"padding-top:var(--wp--preset--spacing--superbspacing-xsmall);padding-right:var(--wp--preset--spacing--superbspacing-xsmall);padding-bottom:var(--wp--preset--spacing--superbspacing-xsmall);padding-left:var(--wp--preset--spacing--superbspacing-xsmall)\">En savoir plus sur le projet (en anglais)<\/a><\/div>\n<\/div>\n<\/div>\n<\/div>\n\n\n\n<div class=\"wp-block-columns alignwide is-layout-flex wp-container-core-columns-is-layout-25593187 wp-block-columns-is-layout-flex\">\n<div class=\"wp-block-column is-vertically-aligned-top is-layout-flow wp-container-core-column-is-layout-40a2a7e8 wp-block-column-is-layout-flow\" style=\"padding-right:0;padding-bottom:0;padding-left:0\">\n<figure class=\"wp-block-image size-large has-custom-border\"><img loading=\"lazy\" decoding=\"async\" width=\"1024\" height=\"576\" src=\"https:\/\/www.thenatureforce.com\/assets\/2024\/02\/mudbay-1024x576.jpg\" alt=\"Photo of Mud Bay\" class=\"wp-image-641\" style=\"border-radius:8px\" srcset=\"https:\/\/www.thenatureforce.com\/assets\/2024\/02\/mudbay-1024x576.jpg 1024w, https:\/\/www.thenatureforce.com\/assets\/2024\/02\/mudbay-300x169.jpg 300w, https:\/\/www.thenatureforce.com\/assets\/2024\/02\/mudbay-768x432.jpg 768w, https:\/\/www.thenatureforce.com\/assets\/2024\/02\/mudbay-1536x864.jpg 1536w, https:\/\/www.thenatureforce.com\/assets\/2024\/02\/mudbay-18x10.jpg 18w, https:\/\/www.thenatureforce.com\/assets\/2024\/02\/mudbay-1200x675.jpg 1200w, https:\/\/www.thenatureforce.com\/assets\/2024\/02\/mudbay-1500x844.jpg 1500w, https:\/\/www.thenatureforce.com\/assets\/2024\/02\/mudbay-600x338.jpg 600w, https:\/\/www.thenatureforce.com\/assets\/2024\/02\/mudbay.jpg 1920w\" sizes=\"auto, (max-width: 1024px) 100vw, 1024px\" \/><figcaption class=\"wp-element-caption\">Cr\u00e9dit photo : Jamie Gauk, octobre 2023<\/figcaption><\/figure>\n<\/div>\n\n\n\n<div class=\"wp-block-column is-vertically-aligned-top is-layout-flow wp-container-core-column-is-layout-a1628350 wp-block-column-is-layout-flow\" style=\"padding-top:0;padding-right:0;padding-bottom:0;padding-left:0\">\n<div class=\"wp-block-group is-layout-flow wp-container-core-group-is-layout-5335e42d wp-block-group-is-layout-flow\" style=\"padding-top:0;padding-right:0;padding-bottom:0;padding-left:0\">\n<h2 class=\"wp-block-heading has-text-align-left has-superbfont-xlarge-font-size\">Am\u00e9lioration de l'estran de Mud Bay bas\u00e9e sur la nature<\/h2>\n\n\n\n<p class=\"has-text-align-left has-secondary-color has-text-color has-superbfont-small-font-size\">Men\u00e9 par la ville de Surrey, la ville de Delta and Semiahmoo First Nation, ce projet pilote contribuera \u00e0 prot\u00e9ger les habitants de Surrey, les exploitations agricoles, les infrastructures essentielles, notamment l'autoroute 99, le chemin de fer BNSF, les lignes \u00e9lectriques et d'\u00e9gout r\u00e9gionales, ainsi que les habitats d'oiseaux et d'animaux sauvages de reconnaissance internationale, contre l'\u00e9l\u00e9vation du niveau de la mer gr\u00e2ce \u00e0 l'utilisation d'une digue vivante.<\/p>\n<\/div>\n\n\n\n<div class=\"wp-block-buttons is-layout-flex wp-container-core-buttons-is-layout-69f3c5ca wp-block-buttons-is-layout-flex\">\n<div class=\"wp-block-button\"><a class=\"wp-block-button__link has-brand-orange-background-color has-background has-superbfont-small-font-size has-custom-font-size wp-element-button\" href=\"https:\/\/www.thenatureforce.com\/fr\/projects\/mud-bay-foreshore-enhancements\/\" style=\"padding-top:var(--wp--preset--spacing--superbspacing-xsmall);padding-right:var(--wp--preset--spacing--superbspacing-xsmall);padding-bottom:var(--wp--preset--spacing--superbspacing-xsmall);padding-left:var(--wp--preset--spacing--superbspacing-xsmall)\">En savoir plus sur le projet (en anglais)<\/a><\/div>\n<\/div>\n<\/div>\n<\/div>\n\n\n\n<div class=\"wp-block-columns alignwide is-layout-flex wp-container-core-columns-is-layout-25593187 wp-block-columns-is-layout-flex\">\n<div class=\"wp-block-column is-vertically-aligned-top is-layout-flow wp-container-core-column-is-layout-40a2a7e8 wp-block-column-is-layout-flow\" style=\"padding-right:0;padding-bottom:0;padding-left:0\">\n<figure class=\"wp-block-image size-large has-custom-border\"><img loading=\"lazy\" decoding=\"async\" width=\"1024\" height=\"683\" src=\"https:\/\/www.thenatureforce.com\/assets\/2025\/01\/oxford-county-partners-1024x683.webp\" alt=\"Nature Force participant planting one of many trees at the event.\" class=\"wp-image-1205\" style=\"border-radius:8px;aspect-ratio:16\/9;object-fit:cover\" srcset=\"https:\/\/www.thenatureforce.com\/assets\/2025\/01\/oxford-county-partners-1024x683.webp 1024w, https:\/\/www.thenatureforce.com\/assets\/2025\/01\/oxford-county-partners-300x200.webp 300w, https:\/\/www.thenatureforce.com\/assets\/2025\/01\/oxford-county-partners-768x512.webp 768w, https:\/\/www.thenatureforce.com\/assets\/2025\/01\/oxford-county-partners-1536x1024.webp 1536w, https:\/\/www.thenatureforce.com\/assets\/2025\/01\/oxford-county-partners-2048x1365.webp 2048w, https:\/\/www.thenatureforce.com\/assets\/2025\/01\/oxford-county-partners-18x12.webp 18w\" sizes=\"auto, (max-width: 1024px) 100vw, 1024px\" \/><\/figure>\n<\/div>\n\n\n\n<div class=\"wp-block-column is-vertically-aligned-top is-layout-flow wp-container-core-column-is-layout-a1628350 wp-block-column-is-layout-flow\" style=\"padding-top:0;padding-right:0;padding-bottom:0;padding-left:0\">\n<div class=\"wp-block-group is-layout-flow wp-container-core-group-is-layout-43948c2c wp-block-group-is-layout-flow\" style=\"margin-top:0;margin-bottom:0;padding-top:0;padding-right:0;padding-bottom:0;padding-left:0\">\n<h2 class=\"wp-block-heading has-text-align-left has-superbfont-xlarge-font-size\">Projet d'am\u00e9lioration des zones humides dans le comt\u00e9 d'Oxford<\/h2>\n\n\n\n<p class=\"has-text-align-left has-secondary-color has-text-color has-superbfont-small-font-size\">These wetlands&nbsp;represent&nbsp;almost six restored acres (2.4 hectares) that will also work to improve water quality and provide wildlife habitat.&nbsp;Over 300 new trees planted in the region to support biodiversity.<\/p>\n<\/div>\n\n\n\n<div class=\"wp-block-buttons is-layout-flex wp-container-core-buttons-is-layout-69f3c5ca wp-block-buttons-is-layout-flex\">\n<div class=\"wp-block-button\"><a class=\"wp-block-button__link has-superbfont-small-font-size has-custom-font-size wp-element-button\" href=\"https:\/\/www.thenatureforce.com\/fr\/wetland-enhancement-oxford-county\/\" style=\"padding-top:var(--wp--preset--spacing--superbspacing-xsmall);padding-right:var(--wp--preset--spacing--superbspacing-xsmall);padding-bottom:var(--wp--preset--spacing--superbspacing-xsmall);padding-left:var(--wp--preset--spacing--superbspacing-xsmall)\">En savoir plus sur le projet (en anglais)<\/a><\/div>\n<\/div>\n<\/div>\n<\/div>\n\n\n\n<div class=\"wp-block-columns alignwide is-layout-flex wp-container-core-columns-is-layout-25593187 wp-block-columns-is-layout-flex\">\n<div class=\"wp-block-column is-vertically-aligned-top is-layout-flow wp-container-core-column-is-layout-40a2a7e8 wp-block-column-is-layout-flow\" style=\"padding-right:0;padding-bottom:0;padding-left:0\">\n<figure class=\"wp-block-image size-large has-custom-border\"><img loading=\"lazy\" decoding=\"async\" width=\"1024\" height=\"680\" src=\"https:\/\/www.thenatureforce.com\/assets\/2025\/04\/LoretteRiver-1024x680.jpg\" alt=\"Lorette River\" class=\"wp-image-1237\" style=\"border-radius:8px\" srcset=\"https:\/\/www.thenatureforce.com\/assets\/2025\/04\/LoretteRiver-1024x680.jpg 1024w, https:\/\/www.thenatureforce.com\/assets\/2025\/04\/LoretteRiver-300x199.jpg 300w, https:\/\/www.thenatureforce.com\/assets\/2025\/04\/LoretteRiver-768x510.jpg 768w, https:\/\/www.thenatureforce.com\/assets\/2025\/04\/LoretteRiver-18x12.jpg 18w, https:\/\/www.thenatureforce.com\/assets\/2025\/04\/LoretteRiver.jpg 1074w\" sizes=\"auto, (max-width: 1024px) 100vw, 1024px\" \/><figcaption class=\"wp-element-caption\">Photo credit: M\u00e9lanie Jean<\/figcaption><\/figure>\n<\/div>\n\n\n\n<div class=\"wp-block-column is-vertically-aligned-top is-layout-flow wp-container-core-column-is-layout-a1628350 wp-block-column-is-layout-flow\" style=\"padding-top:0;padding-right:0;padding-bottom:0;padding-left:0\">\n<div class=\"wp-block-group is-layout-flow wp-container-core-group-is-layout-5335e42d wp-block-group-is-layout-flow\" style=\"padding-top:0;padding-right:0;padding-bottom:0;padding-left:0\">\n<h2 class=\"wp-block-heading has-text-align-left has-superbfont-xlarge-font-size\"><strong>Restaurer le bassin versant de la rivi\u00e8re Lorette pour att\u00e9nuer les risques d\u2019inondation<\/strong><\/h2>\n\n\n\n<p class=\"has-text-align-left has-secondary-color has-text-color has-superbfont-small-font-size\">Tout r\u00e9cemment, l\u2019\u00e9quipe du Qu\u00e9bec a lanc\u00e9 son programme Force de la nature dans la province avec un projet visant \u00e0 accro\u00eetre la r\u00e9silience du bassin versant de la rivi\u00e8re Lorette. Cette rivi\u00e8re, traversant le territoire de la Ville de Qu\u00e9bec et de la Ville de L\u2019Ancienne-Lorette, est reconnue pour ses probl\u00e9matiques d\u2019inondations. En effet, deux \u00e9pisodes d\u2019inondation majeurs se sont produits dans son bassin versant en 2005 et en 2013.<\/p>\n<\/div>\n\n\n\n<div class=\"wp-block-buttons is-layout-flex wp-container-core-buttons-is-layout-69f3c5ca wp-block-buttons-is-layout-flex\">\n<div class=\"wp-block-button\"><a class=\"wp-block-button__link has-brand-blue-background-color has-background has-superbfont-small-font-size has-custom-font-size wp-element-button\" href=\"https:\/\/www.thenatureforce.com\/fr\/projects\/restoring-the-lorette-river-watershed-to-reduce-flood-risks\/\" style=\"padding-top:var(--wp--preset--spacing--superbspacing-xsmall);padding-right:var(--wp--preset--spacing--superbspacing-xsmall);padding-bottom:var(--wp--preset--spacing--superbspacing-xsmall);padding-left:var(--wp--preset--spacing--superbspacing-xsmall)\">En savoir plus sur le projet<\/a><\/div>\n<\/div>\n<\/div>\n<\/div>\n<\/div>\n\n\n\n<p><\/p>","protected":false},"excerpt":{"rendered":"<p>On a commenc\u00e9 \u00e0 prioriser les projets de la Force de la nature d\u2019apr\u00e8s l\u2019importance des risques pour la collectivit\u00e9 et selon la viabilit\u00e9 des travaux consacr\u00e9s \u00e0 la r\u00e9silience au changement climatique et \u00e0 l\u2019ensemble des bienfaits \u00e9cologiques en Colombie-Britannique, en Ontario et au Qu\u00e9bec. <\/p>","protected":false},"author":1,"featured_media":423,"parent":0,"menu_order":0,"comment_status":"closed","ping_status":"closed","template":"","meta":{"inline_featured_image":false,"footnotes":""},"class_list":["post-352","page","type-page","status-publish","has-post-thumbnail","hentry"],"yoast_head":"<!-- This site is optimized with the Yoast SEO plugin v27.4 - https:\/\/yoast.com\/product\/yoast-seo-wordpress\/ -->\n<title>Projects - The Nature Force<\/title>\n<meta name=\"description\" content=\"Work has begun to prioritize Nature Force projects and opportunities based on the level of community risk in BC, Ontario, and Quebec.\" \/>\n<meta name=\"robots\" content=\"index, follow, max-snippet:-1, max-image-preview:large, max-video-preview:-1\" \/>\n<link rel=\"canonical\" href=\"https:\/\/www.thenatureforce.com\/fr\/projects\/\" \/>\n<meta property=\"og:locale\" content=\"fr_CA\" \/>\n<meta property=\"og:type\" content=\"article\" \/>\n<meta property=\"og:title\" content=\"Projects - The Nature Force\" \/>\n<meta property=\"og:description\" content=\"Work has begun to prioritize Nature Force projects and opportunities based on the level of community risk in BC, Ontario, and Quebec.\" \/>\n<meta property=\"og:url\" content=\"https:\/\/www.thenatureforce.com\/fr\/projects\/\" \/>\n<meta property=\"og:site_name\" content=\"The Nature Force\" \/>\n<meta property=\"article:modified_time\" content=\"2025-04-24T18:27:42+00:00\" \/>\n<meta property=\"og:image\" content=\"https:\/\/www.thenatureforce.com\/assets\/2022\/03\/projects2-takes-village-min.jpg\" \/>\n\t<meta property=\"og:image:width\" content=\"2000\" \/>\n\t<meta property=\"og:image:height\" content=\"1333\" \/>\n\t<meta property=\"og:image:type\" content=\"image\/jpeg\" \/>\n<meta name=\"twitter:card\" content=\"summary_large_image\" \/>\n<meta name=\"twitter:label1\" content=\"Estimation du temps de lecture\" \/>\n\t<meta name=\"twitter:data1\" content=\"3 minutes\" \/>\n<script type=\"application\/ld+json\" class=\"yoast-schema-graph\">{\"@context\":\"https:\\\/\\\/schema.org\",\"@graph\":[{\"@type\":\"WebPage\",\"@id\":\"https:\\\/\\\/www.thenatureforce.com\\\/projects\\\/\",\"url\":\"https:\\\/\\\/www.thenatureforce.com\\\/projects\\\/\",\"name\":\"Projects - The Nature Force\",\"isPartOf\":{\"@id\":\"https:\\\/\\\/www.thenatureforce.com\\\/#website\"},\"primaryImageOfPage\":{\"@id\":\"https:\\\/\\\/www.thenatureforce.com\\\/projects\\\/#primaryimage\"},\"image\":{\"@id\":\"https:\\\/\\\/www.thenatureforce.com\\\/projects\\\/#primaryimage\"},\"thumbnailUrl\":\"https:\\\/\\\/www.thenatureforce.com\\\/assets\\\/2022\\\/03\\\/projects2-takes-village-min.jpg\",\"datePublished\":\"2022-03-15T13:53:14+00:00\",\"dateModified\":\"2025-04-24T18:27:42+00:00\",\"description\":\"Work has begun to prioritize Nature Force projects and opportunities based on the level of community risk in BC, Ontario, and Quebec.\",\"breadcrumb\":{\"@id\":\"https:\\\/\\\/www.thenatureforce.com\\\/projects\\\/#breadcrumb\"},\"inLanguage\":\"fr-CA\",\"potentialAction\":[{\"@type\":\"ReadAction\",\"target\":[\"https:\\\/\\\/www.thenatureforce.com\\\/projects\\\/\"]}]},{\"@type\":\"ImageObject\",\"inLanguage\":\"fr-CA\",\"@id\":\"https:\\\/\\\/www.thenatureforce.com\\\/projects\\\/#primaryimage\",\"url\":\"https:\\\/\\\/www.thenatureforce.com\\\/assets\\\/2022\\\/03\\\/projects2-takes-village-min.jpg\",\"contentUrl\":\"https:\\\/\\\/www.thenatureforce.com\\\/assets\\\/2022\\\/03\\\/projects2-takes-village-min.jpg\",\"width\":2000,\"height\":1333,\"caption\":\"Work be done on projects\"},{\"@type\":\"BreadcrumbList\",\"@id\":\"https:\\\/\\\/www.thenatureforce.com\\\/projects\\\/#breadcrumb\",\"itemListElement\":[{\"@type\":\"ListItem\",\"position\":1,\"name\":\"Home\",\"item\":\"https:\\\/\\\/www.thenatureforce.com\\\/\"},{\"@type\":\"ListItem\",\"position\":2,\"name\":\"Projects\"}]},{\"@type\":\"WebSite\",\"@id\":\"https:\\\/\\\/www.thenatureforce.com\\\/#website\",\"url\":\"https:\\\/\\\/www.thenatureforce.com\\\/\",\"name\":\"The Nature Force\",\"description\":\"Taking Action To Protect our Future\",\"publisher\":{\"@id\":\"https:\\\/\\\/www.thenatureforce.com\\\/#organization\"},\"potentialAction\":[{\"@type\":\"SearchAction\",\"target\":{\"@type\":\"EntryPoint\",\"urlTemplate\":\"https:\\\/\\\/www.thenatureforce.com\\\/?s={search_term_string}\"},\"query-input\":{\"@type\":\"PropertyValueSpecification\",\"valueRequired\":true,\"valueName\":\"search_term_string\"}}],\"inLanguage\":\"fr-CA\"},{\"@type\":\"Organization\",\"@id\":\"https:\\\/\\\/www.thenatureforce.com\\\/#organization\",\"name\":\"The Nature Force\",\"url\":\"https:\\\/\\\/www.thenatureforce.com\\\/\",\"logo\":{\"@type\":\"ImageObject\",\"inLanguage\":\"fr-CA\",\"@id\":\"https:\\\/\\\/www.thenatureforce.com\\\/#\\\/schema\\\/logo\\\/image\\\/\",\"url\":\"https:\\\/\\\/www.thenatureforce.com\\\/assets\\\/2024\\\/02\\\/NF-4c-EN-horiz.png\",\"contentUrl\":\"https:\\\/\\\/www.thenatureforce.com\\\/assets\\\/2024\\\/02\\\/NF-4c-EN-horiz.png\",\"width\":1000,\"height\":426,\"caption\":\"The Nature Force\"},\"image\":{\"@id\":\"https:\\\/\\\/www.thenatureforce.com\\\/#\\\/schema\\\/logo\\\/image\\\/\"},\"sameAs\":[\"https:\\\/\\\/www.instagram.com\\\/the_nature_force\\\/\",\"https:\\\/\\\/www.linkedin.com\\\/company\\\/the-nature-force\",\"https:\\\/\\\/www.youtube.com\\\/channel\\\/UCuqnIDW2Z5hXBeCbeRiz6Xg\"]}]}<\/script>\n<!-- \/ Yoast SEO plugin. -->","yoast_head_json":{"title":"Projects - The Nature Force","description":"Work has begun to prioritize Nature Force projects and opportunities based on the level of community risk in BC, Ontario, and Quebec.","robots":{"index":"index","follow":"follow","max-snippet":"max-snippet:-1","max-image-preview":"max-image-preview:large","max-video-preview":"max-video-preview:-1"},"canonical":"https:\/\/www.thenatureforce.com\/fr\/projects\/","og_locale":"fr_CA","og_type":"article","og_title":"Projects - The Nature Force","og_description":"Work has begun to prioritize Nature Force projects and opportunities based on the level of community risk in BC, Ontario, and Quebec.","og_url":"https:\/\/www.thenatureforce.com\/fr\/projects\/","og_site_name":"The Nature Force","article_modified_time":"2025-04-24T18:27:42+00:00","og_image":[{"width":2000,"height":1333,"url":"https:\/\/www.thenatureforce.com\/assets\/2022\/03\/projects2-takes-village-min.jpg","type":"image\/jpeg"}],"twitter_card":"summary_large_image","twitter_misc":{"Estimation du temps de lecture":"3 minutes"},"schema":{"@context":"https:\/\/schema.org","@graph":[{"@type":"WebPage","@id":"https:\/\/www.thenatureforce.com\/projects\/","url":"https:\/\/www.thenatureforce.com\/projects\/","name":"Projects - The Nature Force","isPartOf":{"@id":"https:\/\/www.thenatureforce.com\/#website"},"primaryImageOfPage":{"@id":"https:\/\/www.thenatureforce.com\/projects\/#primaryimage"},"image":{"@id":"https:\/\/www.thenatureforce.com\/projects\/#primaryimage"},"thumbnailUrl":"https:\/\/www.thenatureforce.com\/assets\/2022\/03\/projects2-takes-village-min.jpg","datePublished":"2022-03-15T13:53:14+00:00","dateModified":"2025-04-24T18:27:42+00:00","description":"Work has begun to prioritize Nature Force projects and opportunities based on the level of community risk in BC, Ontario, and Quebec.","breadcrumb":{"@id":"https:\/\/www.thenatureforce.com\/projects\/#breadcrumb"},"inLanguage":"fr-CA","potentialAction":[{"@type":"ReadAction","target":["https:\/\/www.thenatureforce.com\/projects\/"]}]},{"@type":"ImageObject","inLanguage":"fr-CA","@id":"https:\/\/www.thenatureforce.com\/projects\/#primaryimage","url":"https:\/\/www.thenatureforce.com\/assets\/2022\/03\/projects2-takes-village-min.jpg","contentUrl":"https:\/\/www.thenatureforce.com\/assets\/2022\/03\/projects2-takes-village-min.jpg","width":2000,"height":1333,"caption":"Work be done on projects"},{"@type":"BreadcrumbList","@id":"https:\/\/www.thenatureforce.com\/projects\/#breadcrumb","itemListElement":[{"@type":"ListItem","position":1,"name":"Home","item":"https:\/\/www.thenatureforce.com\/"},{"@type":"ListItem","position":2,"name":"Projects"}]},{"@type":"WebSite","@id":"https:\/\/www.thenatureforce.com\/#website","url":"https:\/\/www.thenatureforce.com\/","name":"Force de la Nature","description":"Taking Action To Protect our Future","publisher":{"@id":"https:\/\/www.thenatureforce.com\/#organization"},"potentialAction":[{"@type":"SearchAction","target":{"@type":"EntryPoint","urlTemplate":"https:\/\/www.thenatureforce.com\/?s={search_term_string}"},"query-input":{"@type":"PropertyValueSpecification","valueRequired":true,"valueName":"search_term_string"}}],"inLanguage":"fr-CA"},{"@type":"Organization","@id":"https:\/\/www.thenatureforce.com\/#organization","name":"Force de la Nature","url":"https:\/\/www.thenatureforce.com\/","logo":{"@type":"ImageObject","inLanguage":"fr-CA","@id":"https:\/\/www.thenatureforce.com\/#\/schema\/logo\/image\/","url":"https:\/\/www.thenatureforce.com\/assets\/2024\/02\/NF-4c-EN-horiz.png","contentUrl":"https:\/\/www.thenatureforce.com\/assets\/2024\/02\/NF-4c-EN-horiz.png","width":1000,"height":426,"caption":"The Nature Force"},"image":{"@id":"https:\/\/www.thenatureforce.com\/#\/schema\/logo\/image\/"},"sameAs":["https:\/\/www.instagram.com\/the_nature_force\/","https:\/\/www.linkedin.com\/company\/the-nature-force","https:\/\/www.youtube.com\/channel\/UCuqnIDW2Z5hXBeCbeRiz6Xg"]}]}},"_links":{"self":[{"href":"https:\/\/www.thenatureforce.com\/fr\/wp-json\/wp\/v2\/pages\/352","targetHints":{"allow":["GET"]}}],"collection":[{"href":"https:\/\/www.thenatureforce.com\/fr\/wp-json\/wp\/v2\/pages"}],"about":[{"href":"https:\/\/www.thenatureforce.com\/fr\/wp-json\/wp\/v2\/types\/page"}],"author":[{"embeddable":true,"href":"https:\/\/www.thenatureforce.com\/fr\/wp-json\/wp\/v2\/users\/1"}],"replies":[{"embeddable":true,"href":"https:\/\/www.thenatureforce.com\/fr\/wp-json\/wp\/v2\/comments?post=352"}],"version-history":[{"count":70,"href":"https:\/\/www.thenatureforce.com\/fr\/wp-json\/wp\/v2\/pages\/352\/revisions"}],"predecessor-version":[{"id":1249,"href":"https:\/\/www.thenatureforce.com\/fr\/wp-json\/wp\/v2\/pages\/352\/revisions\/1249"}],"wp:featuredmedia":[{"embeddable":true,"href":"https:\/\/www.thenatureforce.com\/fr\/wp-json\/wp\/v2\/media\/423"}],"wp:attachment":[{"href":"https:\/\/www.thenatureforce.com\/fr\/wp-json\/wp\/v2\/media?parent=352"}],"curies":[{"name":"wp","href":"https:\/\/api.w.org\/{rel}","templated":true}]}}